{"id":2,"date":"2016-05-10T03:48:21","date_gmt":"2016-05-10T03:48:21","guid":{"rendered":"http:\/\/entwicklung.kammerchor-marienstatt.de\/?page_id=2"},"modified":"2026-04-29T06:54:23","modified_gmt":"2026-04-29T06:54:23","slug":"sample-page","status":"publish","type":"page","link":"https:\/\/kammerchor-marienstatt.de\/","title":{"rendered":"Willkommen"},"content":{"rendered":"\n<p>Sie z\u00e4hlen bereits zu den Freund*innen des Kammerchores Marienstatt? \u2013 Oder h\u00f6ren Sie gerade zum ersten Mal etwas von uns?<\/p>\n\n\n\n<figure class=\"wp-block-gallery has-nested-images columns-default is-cropped wp-block-gallery-1 is-layout-flex wp-block-gallery-is-layout-flex\">\n<figure class=\"wp-block-image size-large\"><img loading=\"lazy\" decoding=\"async\" width=\"1024\" height=\"683\" data-id=\"120\" src=\"https:\/\/kammerchor-marienstatt.de\/wp-content\/uploads\/2023\/11\/RM2472-30x45-1-1024x683.jpg\" alt=\"\" class=\"wp-image-120\" srcset=\"https:\/\/kammerchor-marienstatt.de\/wp-content\/uploads\/2023\/11\/RM2472-30x45-1-1024x683.jpg 1024w, https:\/\/kammerchor-marienstatt.de\/wp-content\/uploads\/2023\/11\/RM2472-30x45-1-300x200.jpg 300w, https:\/\/kammerchor-marienstatt.de\/wp-content\/uploads\/2023\/11\/RM2472-30x45-1-768x512.jpg 768w, https:\/\/kammerchor-marienstatt.de\/wp-content\/uploads\/2023\/11\/RM2472-30x45-1-1536x1024.jpg 1536w, https:\/\/kammerchor-marienstatt.de\/wp-content\/uploads\/2023\/11\/RM2472-30x45-1-2048x1365.jpg 2048w\" sizes=\"auto, (max-width: 1024px) 100vw, 1024px\" \/><\/figure>\n<\/figure>\n\n\n\n<p>Bl\u00e4ttern Sie gerne ein wenig durch unsere Seiten und erfahren Sie mehr \u00fcber unseren Chor, seine Entstehung und Entwicklung, \u00fcber die Hintergr\u00fcnde unserer musikalischen Arbeit und unsere Chorleiterin. Schauen Sie sich auch gerne die Informationen zu unseren aktuellen und vergangenen Konzerten an. Unser Adventskonzert vom Dezember 2021 finden Sie beispielsweise auch online bei youtube unter <a href=\"https:\/\/www.youtube.com\/watch?v=hUmfDr25XdQ\">Weihnachtskonzert des Kammerchores Marienstatt &#8211; YouTube<\/a><\/p>\n\n\n\n<p>Haben Sie Fragen an uns oder Interesse daran, bei uns mitzusingen? Dann nehmen Sie gerne Kontakt zu uns auf via kontakt(at)kammerchor-marienstatt.de.<\/p>\n\n\n\n<h2 class=\"wp-block-heading\">Konzerttermine 2026<\/h2>\n\n\n\n<p>Wann sehen wir uns? Eine \u00dcbersicht und weitere Informationen zu unseren Konzertterminen finden Sie <a href=\"https:\/\/kammerchor-marienstatt.de\/?page_id=10\" target=\"_blank\" rel=\"noreferrer noopener\">hier<\/a>.<\/p>\n","protected":false},"excerpt":{"rendered":"<p>Sie z\u00e4hlen bereits zu den Freund*innen des Kammerchores Marienstatt? \u2013 Oder h\u00f6ren Sie gerade zum ersten Mal etwas von uns? Bl\u00e4ttern Sie gerne ein wenig durch unsere Seiten und erfahren Sie mehr \u00fcber unseren Chor, seine Entstehung und Entwicklung, \u00fcber die Hintergr\u00fcnde unserer musikalischen Arbeit und unsere Chorleiterin. Schauen Sie sich auch gerne die Informationen&hellip; <a href=\"https:\/\/kammerchor-marienstatt.de\/\" class=\"read-more\">Continue reading Willkommen<\/a><\/p>\n","protected":false},"author":1,"featured_media":0,"parent":0,"menu_order":0,"comment_status":"closed","ping_status":"open","template":"","meta":{"footnotes":""},"class_list":["post-2","page","type-page","status-publish","hentry"],"_links":{"self":[{"href":"https:\/\/kammerchor-marienstatt.de\/index.php?rest_route=\/wp\/v2\/pages\/2","targetHints":{"allow":["GET"]}}],"collection":[{"href":"https:\/\/kammerchor-marienstatt.de\/index.php?rest_route=\/wp\/v2\/pages"}],"about":[{"href":"https:\/\/kammerchor-marienstatt.de\/index.php?rest_route=\/wp\/v2\/types\/page"}],"author":[{"embeddable":true,"href":"https:\/\/kammerchor-marienstatt.de\/index.php?rest_route=\/wp\/v2\/users\/1"}],"replies":[{"embeddable":true,"href":"https:\/\/kammerchor-marienstatt.de\/index.php?rest_route=%2Fwp%2Fv2%2Fcomments&post=2"}],"version-history":[{"count":40,"href":"https:\/\/kammerchor-marienstatt.de\/index.php?rest_route=\/wp\/v2\/pages\/2\/revisions"}],"predecessor-version":[{"id":279,"href":"https:\/\/kammerchor-marienstatt.de\/index.php?rest_route=\/wp\/v2\/pages\/2\/revisions\/279"}],"wp:attachment":[{"href":"https:\/\/kammerchor-marienstatt.de\/index.php?rest_route=%2Fwp%2Fv2%2Fmedia&parent=2"}],"curies":[{"name":"wp","href":"https:\/\/api.w.org\/{rel}","templated":true}]}}